{"id":6939,"date":"2021-11-16T15:00:51","date_gmt":"2021-11-16T14:00:51","guid":{"rendered":"https:\/\/www.operaincertaeditore.it\/shop\/?post_type=product&#038;p=6939"},"modified":"2021-11-16T15:51:04","modified_gmt":"2021-11-16T14:51:04","slug":"antonella-galuppi-vite-a-stralci","status":"publish","type":"product","link":"https:\/\/www.operaincertaeditore.it\/shop\/index.php\/prodotto\/antonella-galuppi-vite-a-stralci\/","title":{"rendered":"Antonella Galuppi &#8211; Vite a stralci"},"content":{"rendered":"<p><a href=\"https:\/\/www.operaincertaeditore.it\/shop\/?attachment_id=6941\" rel=\"attachment wp-att-6941\"><img loading=\"lazy\" decoding=\"async\" class=\"alignleft size-full wp-image-6941\" src=\"https:\/\/www.operaincertaeditore.it\/shop\/wp-content\/uploads\/2021\/11\/vite_anteprima.jpg\" alt=\"\" width=\"2000\" height=\"1425\" srcset=\"https:\/\/www.operaincertaeditore.it\/shop\/wp-content\/uploads\/2021\/11\/vite_anteprima.jpg 2000w, https:\/\/www.operaincertaeditore.it\/shop\/wp-content\/uploads\/2021\/11\/vite_anteprima-300x214.jpg 300w, https:\/\/www.operaincertaeditore.it\/shop\/wp-content\/uploads\/2021\/11\/vite_anteprima-1024x730.jpg 1024w, https:\/\/www.operaincertaeditore.it\/shop\/wp-content\/uploads\/2021\/11\/vite_anteprima-768x547.jpg 768w, https:\/\/www.operaincertaeditore.it\/shop\/wp-content\/uploads\/2021\/11\/vite_anteprima-1536x1094.jpg 1536w, https:\/\/www.operaincertaeditore.it\/shop\/wp-content\/uploads\/2021\/11\/vite_anteprima-600x428.jpg 600w\" sizes=\"auto, (max-width: 2000px) 100vw, 2000px\" \/><\/a><\/p>\n","protected":false},"excerpt":{"rendered":"<p>Data di Pubblicazione: dicembre 2021<br \/>\nISBN: 978-88-32220-30-8<br \/>\nPagine: 148<\/p>\n<p>Una narrazione senza maschera di \u201cVite a stralci\u201d tesa a fotografare il livello esistenziale della societ\u00e0, oscillazioni tra denuncia\u00a0\u00a0 e\u00a0\u00a0 angoscia, nella quale l\u2019autrice semina la sua cifra esperienziale di poetessa e giornalista, criminologa e politico, protesa all\u2019impegno sociale.<\/p>\n<p>Ironica a rasentare il sarcasmo, ci svela il disincanto della vita; l\u2019assenza, amara, di piacere e gioia, sin dal primo racconto, dove emergono certi \u201ceffetti collaterali\u201d causati dalle inevitabili restrizioni a seguito della pandemia. Quindi, una sequela di personaggi dominati dal caos e dal turbamento, antieroi protagonisti di storie magiche o, perlomeno, oniriche. Gronchi Rosa che valgono \u201cun Per\u00f9\u201d, la scorciatoia per \u201cL\u2019eredit\u00e0\u201d, una chiassosa cagnetta da \u201critrovo\u201d. Che contrastano con la cruda narrazione della realt\u00e0 pi\u00f9 dura, quella della casta, che rifiuta categoricamente la diversit\u00e0, o i rapporti angusti, dove l\u2019amore non \u00e8 mai fonte di gioia. N\u00e9 manca il racconto esilarante del furto presunto con il ribaltamento finale.<\/p>\n<p>Stralci di vite di personaggi indisponenti, talvolta vigliacchi, che fanno da contrappeso ad altri, generosi ed encomiabili, abilmente descritti e incastonati in storie deliziose da leggere tutte d\u2019un fiato.<\/p>\n<p><em>Pippo Di Noto<\/em><\/p>\n<p>&nbsp;<\/p>\n","protected":false},"featured_media":6942,"comment_status":"closed","ping_status":"closed","template":"","meta":[],"product_brand":[],"product_cat":[60,18],"product_tag":[],"class_list":{"0":"post-6939","1":"product","2":"type-product","3":"status-publish","4":"has-post-thumbnail","6":"product_cat-antonella-galuppi","7":"product_cat-fabula","9":"first","10":"instock","11":"shipping-taxable","12":"purchasable","13":"product-type-simple"},"_links":{"self":[{"href":"https:\/\/www.operaincertaeditore.it\/shop\/index.php\/wp-json\/wp\/v2\/product\/6939","targetHints":{"allow":["GET"]}}],"collection":[{"href":"https:\/\/www.operaincertaeditore.it\/shop\/index.php\/wp-json\/wp\/v2\/product"}],"about":[{"href":"https:\/\/www.operaincertaeditore.it\/shop\/index.php\/wp-json\/wp\/v2\/types\/product"}],"replies":[{"embeddable":true,"href":"https:\/\/www.operaincertaeditore.it\/shop\/index.php\/wp-json\/wp\/v2\/comments?post=6939"}],"wp:featuredmedia":[{"embeddable":true,"href":"https:\/\/www.operaincertaeditore.it\/shop\/index.php\/wp-json\/wp\/v2\/media\/6942"}],"wp:attachment":[{"href":"https:\/\/www.operaincertaeditore.it\/shop\/index.php\/wp-json\/wp\/v2\/media?parent=6939"}],"wp:term":[{"taxonomy":"product_brand","embeddable":true,"href":"https:\/\/www.operaincertaeditore.it\/shop\/index.php\/wp-json\/wp\/v2\/product_brand?post=6939"},{"taxonomy":"product_cat","embeddable":true,"href":"https:\/\/www.operaincertaeditore.it\/shop\/index.php\/wp-json\/wp\/v2\/product_cat?post=6939"},{"taxonomy":"product_tag","embeddable":true,"href":"https:\/\/www.operaincertaeditore.it\/shop\/index.php\/wp-json\/wp\/v2\/product_tag?post=6939"}],"curies":[{"name":"wp","href":"https:\/\/api.w.org\/{rel}","templated":true}]}}